{"id":177,"date":"2020-05-17T11:52:36","date_gmt":"2020-05-17T11:52:36","guid":{"rendered":"http:\/\/johnson-kihlman.se\/wp\/?page_id=177"},"modified":"2020-05-22T10:34:17","modified_gmt":"2020-05-22T10:34:17","slug":"om-mig-ny","status":"publish","type":"page","link":"http:\/\/johnson-kihlman.se\/wp\/?page_id=177","title":{"rendered":"Om mig"},"content":{"rendered":"<h2><img loading=\"lazy\" decoding=\"async\" class=\"size-medium wp-image-118 alignleft\" src=\"http:\/\/johnson-kihlman.se\/wp\/wp-content\/uploads\/2020\/05\/barbara_fram_crop-291x300.jpg\" alt=\"\" width=\"291\" height=\"300\" srcset=\"http:\/\/johnson-kihlman.se\/wp\/wp-content\/uploads\/2020\/05\/barbara_fram_crop-291x300.jpg 291w, http:\/\/johnson-kihlman.se\/wp\/wp-content\/uploads\/2020\/05\/barbara_fram_crop.jpg 465w\" sizes=\"auto, (max-width: 291px) 100vw, 291px\" \/><\/h2>\n<p>&nbsp;<\/p>\n<h2>Barbara Johnson Kihlman<\/h2>\n<p>Medlem i KSV &#8211; Konstn\u00e4rsgruppen Sydv\u00e4st <a href=\"http:\/\/www.ksvkonst.se\">www.ksvkonst.se<\/a><br \/>\noch NAS \u2013 Nordiska akvarells\u00e4llskapet<\/p>\n<h3>Om mig<\/h3>\n<p>Jag \u00e4r f\u00f6dd i Polen, uppvuxen i Tyskland och sedan m\u00e5nga \u00e5r bofast och verksam i Sk\u00e5ne\/Sverige.<\/p>\n<p>Jag \u00e4r autodidakt som akvarellm\u00e5lare men har som utbildad landskapsarkitekt arbetat fr\u00e4mst med v\u00e4xtkomposition, s\u00e5v\u00e4l i den privata som den offentliga milj\u00f6n. Att i detta gestaltningsarbete kunna initiera livgivande processer och likas\u00e5 f\u00f6r\u00e4nderlighet av f\u00e4rg och form i tid, ljus och rum har jag alltid betraktat som en ynnest.<\/p>\n<p>F\u00f6r mig utg\u00f6r s\u00e5ledes naturen en stor inspirationsk\u00e4lla och mina akvareller uttrycker f\u00f6rs\u00f6k att \u00e5terge personliga upplevelser och tolkningar. Att lyckas med samverkan mellan f\u00e4rg\u00e4mne, vatten och papper \u00e4r dessutom en utvecklande utmaning.<\/p>\n<h3>Utbildning<\/h3>\n<ul>\n<li>Utbildad och verksam som landskapsarkitekt i 40 \u00e5r, autodidakt som konstn\u00e4r.<\/li>\n<li>Studier av konsthistoria vid Lunds universitet<\/li>\n<li>Kurser i kroki och akvarellm\u00e5leri vid Lunds Tekniska h\u00f6gskolan, Studief\u00f6rbundet Vuxenskolan i Lund, Malm\u00f6 och Trelleborg samt i Lolo Tillbergs atelj\u00e9 i Jordberga och Ystad<\/li>\n<li>Handledare och l\u00e4rare S\u00f6lve Olsson, Elsi Skoog, Botvid Kihlman, Lolo Tillberg, Lars Eje Larsson och Hans Karlsson<\/li>\n<\/ul>\n","protected":false},"excerpt":{"rendered":"<p>&nbsp; Barbara Johnson Kihlman Medlem i KSV &#8211; Konstn\u00e4rsgruppen Sydv\u00e4st www.ksvkonst.se och NAS \u2013 Nordiska akvarells\u00e4llskapet Om mig Jag \u00e4r f\u00f6dd i Polen, uppvuxen i Tyskland och sedan m\u00e5nga \u00e5r bofast och verksam i Sk\u00e5ne\/Sverige. Jag \u00e4r autodidakt som akvarellm\u00e5lare men har som utbildad landskapsarkitekt arbetat fr\u00e4mst med v\u00e4xtkomposition, s\u00e5v\u00e4l i den privata som den [&hellip;]<\/p>\n","protected":false},"author":1,"featured_media":0,"parent":0,"menu_order":0,"comment_status":"closed","ping_status":"closed","template":"","meta":{"footnotes":""},"class_list":["post-177","page","type-page","status-publish","hentry"],"_links":{"self":[{"href":"http:\/\/johnson-kihlman.se\/wp\/index.php?rest_route=\/wp\/v2\/pages\/177","targetHints":{"allow":["GET"]}}],"collection":[{"href":"http:\/\/johnson-kihlman.se\/wp\/index.php?rest_route=\/wp\/v2\/pages"}],"about":[{"href":"http:\/\/johnson-kihlman.se\/wp\/index.php?rest_route=\/wp\/v2\/types\/page"}],"author":[{"embeddable":true,"href":"http:\/\/johnson-kihlman.se\/wp\/index.php?rest_route=\/wp\/v2\/users\/1"}],"replies":[{"embeddable":true,"href":"http:\/\/johnson-kihlman.se\/wp\/index.php?rest_route=%2Fwp%2Fv2%2Fcomments&post=177"}],"version-history":[{"count":3,"href":"http:\/\/johnson-kihlman.se\/wp\/index.php?rest_route=\/wp\/v2\/pages\/177\/revisions"}],"predecessor-version":[{"id":203,"href":"http:\/\/johnson-kihlman.se\/wp\/index.php?rest_route=\/wp\/v2\/pages\/177\/revisions\/203"}],"wp:attachment":[{"href":"http:\/\/johnson-kihlman.se\/wp\/index.php?rest_route=%2Fwp%2Fv2%2Fmedia&parent=177"}],"curies":[{"name":"wp","href":"https:\/\/api.w.org\/{rel}","templated":true}]}}